{"id":1364,"date":"2023-07-08T16:59:59","date_gmt":"2023-07-08T14:59:59","guid":{"rendered":"http:\/\/www.namdofiber.se\/?page_id=1364"},"modified":"2023-10-07T09:48:01","modified_gmt":"2023-10-07T07:48:01","slug":"erbjudande-gruppavtal-for-bredband","status":"publish","type":"page","link":"https:\/\/www.namdofiber.se\/?page_id=1364","title":{"rendered":"Erbjudande Gruppavtal f\u00f6r Bredband"},"content":{"rendered":"<h1><a href=\"http:\/\/www.namdofiber.se\/wp-content\/uploads\/2023\/07\/fiber-logga-e1688370760173.png\"><img loading=\"lazy\" decoding=\"async\" class=\"alignnone wp-image-1359\" src=\"http:\/\/www.namdofiber.se\/wp-content\/uploads\/2023\/07\/fiber-logga-300x300.png\" alt=\"\" width=\"180\" height=\"180\" \/><\/a><a href=\"http:\/\/www.namdofiber.se\/wp-content\/uploads\/2023\/07\/fyr_eu_logo.png\"><img loading=\"lazy\" decoding=\"async\" class=\"alignnone wp-image-1365\" src=\"http:\/\/www.namdofiber.se\/wp-content\/uploads\/2023\/07\/fyr_eu_logo-300x223.png\" alt=\"\" width=\"243\" height=\"181\" srcset=\"https:\/\/www.namdofiber.se\/wp-content\/uploads\/2023\/07\/fyr_eu_logo-300x223.png 300w, https:\/\/www.namdofiber.se\/wp-content\/uploads\/2023\/07\/fyr_eu_logo-768x570.png 768w, https:\/\/www.namdofiber.se\/wp-content\/uploads\/2023\/07\/fyr_eu_logo-1024x760.png 1024w, https:\/\/www.namdofiber.se\/wp-content\/uploads\/2023\/07\/fyr_eu_logo-624x463.png 624w, https:\/\/www.namdofiber.se\/wp-content\/uploads\/2023\/07\/fyr_eu_logo.png 1040w\" sizes=\"auto, (max-width: 243px) 100vw, 243px\" \/><\/a><\/h1>\n<h1><strong><em>N\u00e4md\u00f6 Fiber Ekonomisk f\u00f6rening<\/em><\/strong><\/h1>\n<p>N\u00e4md\u00f6 Fiber \u00e4r en sk\u00e4rg\u00e5rdsf\u00f6rening som \u00e4gs av sina medlemmar. Vi f\u00f6rser medlemmarna i N\u00e4md\u00f6sk\u00e4rg\u00e5rden med ett fibern\u00e4t f\u00f6r ett snabbt och stabilt bredband. Fibern\u00e4tet driver vi tillsammans med andra lokala f\u00f6reningar fr\u00e5n Runmar\u00f6. Har\u00f6 samt Orn\u00f6 via v\u00e5rt gemensamt \u00e4gda fibern\u00e4t som ligger under Stockholms Sk\u00e4rg\u00e5rdsn\u00e4t.<\/p>\n<h1><strong><em>Gruppavtal<\/em><\/strong><\/h1>\n<p>Gruppavtal f\u00f6r bredbandstj\u00e4nster \u00e4r en av Stockholms sk\u00e4rg\u00e5rdsn\u00e4ts kollektivt framf\u00f6rhandlade tj\u00e4nster, som N\u00e4md\u00f6 Fiber nu kan erbjuda sina medlemmar. Genom att m\u00e5nga anv\u00e4ndare k\u00f6per samma tj\u00e4nst med viss bindningstid samt att administrationen och faktureringen \u00e4r \u00f6verl\u00e5ten till f\u00f6reningen s\u00e5 kan priset h\u00e5llas nere.<\/p>\n<h1><strong><em>Inneh\u00e5ll <\/em><\/strong><\/h1>\n<p>N\u00e4md\u00f6 Fiber kan nu erbjuda en bredbandstj\u00e4nst som gruppavtal, som levereras av Bahnhof med en kapacitet p\u00e5 1000\/1000 Mbit\/s. Varje hush\u00e5ll kan dessutom utan extra avgift avropa<\/p>\n<ul>\n<li>1 webbsida<\/li>\n<li>6 e-post-konton<\/li>\n<li>1 dom\u00e4nnamn av typ .st (\u00e4gs av Bahnhof)<\/li>\n<\/ul>\n<p><strong><b>Observera<\/b><\/strong> att ovanst\u00e5ende tj\u00e4nst \u00e4r enbart bredbandsanslutning och inga TV kanaler. F\u00f6reningen kommer \u00e4ven kunna erbjuda ett gruppavtal som inneh\u00e5ller b\u00e5de bredband och TV, men det erbjudandet r\u00e4knar vi med att kunna lansera f\u00f6rst under h\u00f6sten 2023. \u00c4r du intresserad av ett s\u00e5dant avtal rekommenderar vi dig att avvakta det kommande erbjudandet.<\/p>\n<h1><strong><em>Hur fungerar gruppavtalet?<\/em><\/strong><\/h1>\n<p>Medlemmen skriver ett avtal med N\u00e4md\u00f6 Fiber Ekonomisk f\u00f6rening. F\u00f6reningen best\u00e4ller d\u00e4refter leverans fr\u00e5n Bahnhof och medlemmen kan b\u00f6rja anv\u00e4nda sina tj\u00e4nster.<\/p>\n<p>Det \u00e4r f\u00f6reningen som administrerar och fakturerar medlemmarna f\u00f6r avtalet. I geng\u00e4ld f\u00e5r v\u00e5ra medlemmar ett mycket f\u00f6rdelaktigt pris p\u00e5 tj\u00e4nsten.<\/p>\n<h1><strong><em>Hur l\u00e5ng \u00e4r bindningstiden?<\/em><\/strong><\/h1>\n<p>Bindningstiden f\u00f6r gruppavtalet \u00e4r 12 m\u00e5nader. M\u00e5ls\u00e4ttningen \u00e4r att etablera de f\u00f6rsta anslutningarna den 1 september 2023, sedan efter ytterligare 2 m\u00e5nader. F\u00f6reningen kommer dock att se till att alla avtal med medlemmarna har samma sluttid, vilket kommer underl\u00e4tta administrationen. Bahnhof har d\u00e4rf\u00f6r accepterat att f\u00f6rsta bindningstiden kan bli bli kortare \u00e4n 12 m\u00e5nader beroende p\u00e5 starttid, men kommande f\u00f6rl\u00e4ngningsperioder kommer alla medlemsavtal att ha 12 m\u00e5naders bindningstid med \u00f6msesidig upps\u00e4gningstid 3 m\u00e5nader f\u00f6re utg\u00e5ngen av bindningstiden.<\/p>\n<h1><strong><em>Vad kostar det?<\/em><\/strong><\/h1>\n<p>Gruppavtalet \u00e4r villkorat till att alla f\u00f6reningar inom Stockholms Sk\u00e4rg\u00e5rdsn\u00e4t f\u00e5r ihop minst 100 abonnenter. Innan det kravet \u00e4r uppfyllt med signerade kundavtal kan vi inte etablera anslutning. V\u00e5r bed\u00f6mning \u00e4r att m\u00e5nga fler abonnenter \u00e4n kravet kommer vilja anm\u00e4la sig till denna tj\u00e4nst.<\/p>\n<p>N\u00e4r kravet \u00e4r uppn\u00e5tt kommer gruppavtalet kosta 270 kronor per m\u00e5nad inkl moms, vilket betalas med en \u00e5rlig faktura i f\u00f6rskott. Av st\u00e4mman beslutad n\u00e4tavgift tillkommer som vanligt och faktureras separat vid varje \u00e5rsskifte.<\/p>\n<h1><strong><em>Hur g\u00f6r jag f\u00f6r att ansluta mig?<\/em><\/strong><\/h1>\n<p>Skicka snarast e-post till <a href=\"mailto:gruppavtal@Namdofiber.se\">gruppavtal@namdofiber.se<\/a> och ber\u00e4tta att du \u00e4r intresserad. Ange namn, fastighetsbeteckning, bel\u00e4genhetsadress (tex N\u00e4md\u00f6 Orr\u00f6n 169), email-adress samt hur l\u00e5ng bindningstid ni har p\u00e5 nuvarande tj\u00e4nsteavtal (om ni har n\u00e5got).<\/p>\n<p>D\u00e4refter skickar vi dig ett kundavtal som du signerar elektroniskt. N\u00e4r avtalet \u00e4r signerat och totalkravet p\u00e5 100 abonnenter \u00e4r uppfyllt best\u00e4ller vi tj\u00e4nsterna fr\u00e5n Bahnhof och meddelar dig. Ni sj\u00e4lva ansvarar f\u00f6r att s\u00e4ga upp ert nuvarande tj\u00e4nsteavtal.<\/p>\n<p>D\u00e4refter f\u00e5r du en faktura fr\u00e5n f\u00f6reningen p\u00e5 f\u00f6rsta \u00e5rsavgiften (12 x 270 = 3240 kr ink moms).<\/p>\n<p>Felanm\u00e4lan sker som vanligt till tj\u00e4nsteleverant\u00f6ren, i detta fall allts\u00e5 Bahnhof.<\/p>\n<h1><strong><em>Finns det andra alternativ?<\/em><\/strong><\/h1>\n<p>Ja &#8211; v\u00e5rt fibern\u00e4t \u00e4r ett \u00f6ppet n\u00e4t d\u00e4r alla leverant\u00f6rer kan verka p\u00e5 lika villkor. Normalt \u00e4r f\u00f6reningen inte inblandad i leveransen av tj\u00e4nster utan varje brukare v\u00e4ljer inneh\u00e5ll och leverant\u00f6r.<\/p>\n<p>Genom portalen <a href=\"https:\/\/privat.globalconnect.se\/privat\/tjanster\/\">https:\/\/privat.globalconnect.se\/privat\/tjanster\/<\/a> kan du se vilka tj\u00e4nster, samt dess villkor, du kan ansluta. Du s\u00f6ker via din bel\u00e4genhetsadress (ex vis N\u00e4md\u00f6 Orr\u00f6n 169), som du kan hitta p\u00e5 kartfunktionen i <a href=\"http:\/\/www.hitta.se\">www.hitta.se<\/a><\/p>\n<p>L\u00e4s mer h\u00e4r om gruppavtalet<br \/>\n<a href=\"http:\/\/www.namdofiber.se\/wp-content\/uploads\/2023\/10\/Prospekt-Na\u0308mdo\u0308-Fiber-Gruppavtal-Bahnhof-Internet-20231101.pdf\">Prospekt Na\u0308mdo\u0308 Fiber Gruppavtal Bahnhof &#8211; Internet &#8211; 20231101<\/a><\/p>\n","protected":false},"excerpt":{"rendered":"<p>N\u00e4md\u00f6 Fiber Ekonomisk f\u00f6rening N\u00e4md\u00f6 Fiber \u00e4r en sk\u00e4rg\u00e5rdsf\u00f6rening som \u00e4gs av sina medlemmar. Vi f\u00f6rser medlemmarna i N\u00e4md\u00f6sk\u00e4rg\u00e5rden med ett fibern\u00e4t f\u00f6r ett snabbt och stabilt bredband. Fibern\u00e4tet driver vi tillsammans med andra lokala f\u00f6reningar fr\u00e5n Runmar\u00f6. Har\u00f6 samt Orn\u00f6 via v\u00e5rt gemensamt \u00e4gda fibern\u00e4t som ligger under Stockholms Sk\u00e4rg\u00e5rdsn\u00e4t. Gruppavtal Gruppavtal f\u00f6r bredbandstj\u00e4nster [&hellip;]<\/p>\n","protected":false},"author":3,"featured_media":0,"parent":0,"menu_order":0,"comment_status":"closed","ping_status":"closed","template":"","meta":{"_monsterinsights_skip_tracking":false,"footnotes":""},"class_list":["post-1364","page","type-page","status-publish","hentry"],"_links":{"self":[{"href":"https:\/\/www.namdofiber.se\/index.php?rest_route=\/wp\/v2\/pages\/1364","targetHints":{"allow":["GET"]}}],"collection":[{"href":"https:\/\/www.namdofiber.se\/index.php?rest_route=\/wp\/v2\/pages"}],"about":[{"href":"https:\/\/www.namdofiber.se\/index.php?rest_route=\/wp\/v2\/types\/page"}],"author":[{"embeddable":true,"href":"https:\/\/www.namdofiber.se\/index.php?rest_route=\/wp\/v2\/users\/3"}],"replies":[{"embeddable":true,"href":"https:\/\/www.namdofiber.se\/index.php?rest_route=%2Fwp%2Fv2%2Fcomments&post=1364"}],"version-history":[{"count":3,"href":"https:\/\/www.namdofiber.se\/index.php?rest_route=\/wp\/v2\/pages\/1364\/revisions"}],"predecessor-version":[{"id":1398,"href":"https:\/\/www.namdofiber.se\/index.php?rest_route=\/wp\/v2\/pages\/1364\/revisions\/1398"}],"wp:attachment":[{"href":"https:\/\/www.namdofiber.se\/index.php?rest_route=%2Fwp%2Fv2%2Fmedia&parent=1364"}],"curies":[{"name":"wp","href":"https:\/\/api.w.org\/{rel}","templated":true}]}}