{"id":1474,"date":"2025-10-08T22:07:07","date_gmt":"2025-10-08T20:07:07","guid":{"rendered":"http:\/\/www.namdofiber.se\/?page_id=1474"},"modified":"2025-10-08T22:07:07","modified_gmt":"2025-10-08T20:07:07","slug":"namdo-fiber-viktig-information-om-fakturering","status":"publish","type":"page","link":"https:\/\/www.namdofiber.se\/?page_id=1474","title":{"rendered":"N\u00e4md\u00f6 Fiber \u2013 Viktig information om fakturering"},"content":{"rendered":"<p>Fr\u00e5n och med n\u00e4sta \u00e5r kommer N\u00e4md\u00f6 Fiber att \u00e5terg\u00e5 till att fakturera \u00e5rsvis i f\u00f6rskott. F\u00f6rsta fakturan kommer att skickas den 1 november med f\u00f6rfallodatum den 1 december 2025.<\/p>\n<p>Detta inf\u00f6rs f\u00f6r att minska arbetet med f\u00f6reningens administration. Vi hoppas p\u00e5 f\u00f6rst\u00e5else fr\u00e5n v\u00e5ra medlemmar och kunder.<\/p>\n<p>Till de som \u00e4r anslutna till Bahnhofs gruppavtal, vill vi samtidigt informera om att bindningstiden f\u00f6r denna tj\u00e4nst h\u00f6js fr\u00e5n 12 m\u00e5nader till 24 m\u00e5nader. Detta g\u00f6rs f\u00f6r att ytterligare f\u00f6renkla v\u00e5r administration.<\/p>\n<p>Abonnemangsavgiften f\u00f6rblir of\u00f6r\u00e4ndrad. Observera ocks\u00e5 att abonnemanget kan \u00f6verf\u00f6ras till ny \u00e4gare av fastigheten eller flyttas med till ny adress inom N\u00e4md\u00f6 Fibers omr\u00e5de.<\/p>\n<p>De som inte \u00f6nskar acceptera denna h\u00f6jning av bindningstiden uppmanas att meddela detta till info@namdofiber.se snarast, dock senast den 31 oktober 2025.<\/p>\n<p>N\u00e4md\u00f6 Fiber Ekonomisk f\u00f6rening<\/p>\n<p>Styrelsen<\/p>\n","protected":false},"excerpt":{"rendered":"<p>Fr\u00e5n och med n\u00e4sta \u00e5r kommer N\u00e4md\u00f6 Fiber att \u00e5terg\u00e5 till att fakturera \u00e5rsvis i f\u00f6rskott. F\u00f6rsta fakturan kommer att skickas den 1 november med f\u00f6rfallodatum den 1 december 2025. Detta inf\u00f6rs f\u00f6r att minska arbetet med f\u00f6reningens administration. Vi hoppas p\u00e5 f\u00f6rst\u00e5else fr\u00e5n v\u00e5ra medlemmar och kunder. Till de som \u00e4r anslutna till Bahnhofs [&hellip;]<\/p>\n","protected":false},"author":3,"featured_media":0,"parent":0,"menu_order":0,"comment_status":"closed","ping_status":"closed","template":"","meta":{"_monsterinsights_skip_tracking":false,"footnotes":""},"class_list":["post-1474","page","type-page","status-publish","hentry"],"_links":{"self":[{"href":"https:\/\/www.namdofiber.se\/index.php?rest_route=\/wp\/v2\/pages\/1474","targetHints":{"allow":["GET"]}}],"collection":[{"href":"https:\/\/www.namdofiber.se\/index.php?rest_route=\/wp\/v2\/pages"}],"about":[{"href":"https:\/\/www.namdofiber.se\/index.php?rest_route=\/wp\/v2\/types\/page"}],"author":[{"embeddable":true,"href":"https:\/\/www.namdofiber.se\/index.php?rest_route=\/wp\/v2\/users\/3"}],"replies":[{"embeddable":true,"href":"https:\/\/www.namdofiber.se\/index.php?rest_route=%2Fwp%2Fv2%2Fcomments&post=1474"}],"version-history":[{"count":1,"href":"https:\/\/www.namdofiber.se\/index.php?rest_route=\/wp\/v2\/pages\/1474\/revisions"}],"predecessor-version":[{"id":1476,"href":"https:\/\/www.namdofiber.se\/index.php?rest_route=\/wp\/v2\/pages\/1474\/revisions\/1476"}],"wp:attachment":[{"href":"https:\/\/www.namdofiber.se\/index.php?rest_route=%2Fwp%2Fv2%2Fmedia&parent=1474"}],"curies":[{"name":"wp","href":"https:\/\/api.w.org\/{rel}","templated":true}]}}