{"id":78,"date":"2015-09-15T18:37:18","date_gmt":"2015-09-15T16:37:18","guid":{"rendered":"http:\/\/www.namdofiber.se\/?page_id=78"},"modified":"2026-04-15T21:11:44","modified_gmt":"2026-04-15T19:11:44","slug":"etapp-2","status":"publish","type":"page","link":"https:\/\/www.namdofiber.se\/","title":{"rendered":"N\u00e4md\u00f6 Fiber"},"content":{"rendered":"<p><strong>N\u00e4md\u00f6 Fiber<\/strong> \u00e4r en ekonomisk f\u00f6rening som vill bidra till N\u00e4md\u00f6 sk\u00e4rg\u00e5rds utveckling genom att se till att det finns bredbandsn\u00e4t med optisk fiber som g\u00f6r det m\u00f6jligt f\u00f6r b\u00e5de f\u00f6r fast- och fritidsboende i sk\u00e4rg\u00e5rden att k\u00f6pa bredbandstj\u00e4nster, telefoni, TV mm. fr\u00e5n olika leverant\u00f6rer.<\/p>\n<h1><b>Nyheter<\/b><\/h1>\n<p>2026-03-15 Nu finns det information om \u00e5rsm\u00f6tet 2026\u00a0<a href=\"http:\/\/www.namdofiber.se\/?page_id=1053\">h\u00e4r<\/a><\/p>\n<p>2025-10-08\u00a0N\u00e4md\u00f6 Fiber \u2013 Viktig information om fakturering finns <a href=\"https:\/\/www.namdofiber.se\/?page_id=1474\">h\u00e4r<\/a><\/p>\n<p>2025-05-01 Information om \u00e5rsm\u00f6tet 2025 finns nu <a href=\"https:\/\/www.namdofiber.se\/?page_id=1053\">h\u00e4r<br \/>\n<\/a><br \/>\n2025-01-23 Har du missat anm\u00e4la dig f\u00f6r fakturering? Mejla till <a href=\"mailto:info@namdofiber.se\">info@namdofiber.se<\/a> om du beh\u00f6ver hj\u00e4lp med inloggning.<\/p>\n<p>2024-12-22 Viktig information om hantering av F\u00f6reningens ekonomi. L\u00e4s mer <a href=\"https:\/\/www.namdofiber.se\/?page_id=1447\">h\u00e4r<\/a><\/p>\n<p>2024-05-08 Information om gruppavtal fr\u00e5n Bahnhof <a href=\"https:\/\/www.namdofiber.se\/?page_id=1370\">h\u00e4r<\/a><\/p>\n<p>2024-04-16 Nu finns det information om \u00e5rsm\u00f6tet 2024 <a href=\"https:\/\/www.namdofiber.se\/?page_id=1053\">h\u00e4r<br \/>\n<\/a><\/p>\n","protected":false},"excerpt":{"rendered":"<p>N\u00e4md\u00f6 Fiber \u00e4r en ekonomisk f\u00f6rening som vill bidra till N\u00e4md\u00f6 sk\u00e4rg\u00e5rds utveckling genom att se till att det finns bredbandsn\u00e4t med optisk fiber som g\u00f6r det m\u00f6jligt f\u00f6r b\u00e5de f\u00f6r fast- och fritidsboende i sk\u00e4rg\u00e5rden att k\u00f6pa bredbandstj\u00e4nster, telefoni, TV mm. fr\u00e5n olika leverant\u00f6rer. Nyheter 2026-03-15 Nu finns det information om \u00e5rsm\u00f6tet 2026\u00a0h\u00e4r 2025-10-08\u00a0N\u00e4md\u00f6 [&hellip;]<\/p>\n","protected":false},"author":1,"featured_media":0,"parent":0,"menu_order":0,"comment_status":"closed","ping_status":"closed","template":"","meta":{"_monsterinsights_skip_tracking":false,"footnotes":""},"class_list":["post-78","page","type-page","status-publish","hentry"],"_links":{"self":[{"href":"https:\/\/www.namdofiber.se\/index.php?rest_route=\/wp\/v2\/pages\/78","targetHints":{"allow":["GET"]}}],"collection":[{"href":"https:\/\/www.namdofiber.se\/index.php?rest_route=\/wp\/v2\/pages"}],"about":[{"href":"https:\/\/www.namdofiber.se\/index.php?rest_route=\/wp\/v2\/types\/page"}],"author":[{"embeddable":true,"href":"https:\/\/www.namdofiber.se\/index.php?rest_route=\/wp\/v2\/users\/1"}],"replies":[{"embeddable":true,"href":"https:\/\/www.namdofiber.se\/index.php?rest_route=%2Fwp%2Fv2%2Fcomments&post=78"}],"version-history":[{"count":182,"href":"https:\/\/www.namdofiber.se\/index.php?rest_route=\/wp\/v2\/pages\/78\/revisions"}],"predecessor-version":[{"id":1491,"href":"https:\/\/www.namdofiber.se\/index.php?rest_route=\/wp\/v2\/pages\/78\/revisions\/1491"}],"wp:attachment":[{"href":"https:\/\/www.namdofiber.se\/index.php?rest_route=%2Fwp%2Fv2%2Fmedia&parent=78"}],"curies":[{"name":"wp","href":"https:\/\/api.w.org\/{rel}","templated":true}]}}